{"id":582,"date":"2021-03-16T23:31:28","date_gmt":"2021-03-16T23:31:28","guid":{"rendered":"https:\/\/www.mecanitzatsrodater.com\/politica-de-privacidad\/"},"modified":"2021-12-14T18:13:08","modified_gmt":"2021-12-14T18:13:08","slug":"politica-de-privacidad","status":"publish","type":"page","link":"https:\/\/www.mecanitzatsrodater.com\/es\/politica-de-privacidad\/","title":{"rendered":"Pol\u00edtica de privacidad"},"content":{"rendered":"<div class=\"wpb-content-wrapper\"><p>[vc_row gap=\u00bb35&#8243; css=\u00bb.vc_custom_1615503863242{margin-top: 30px !important;}\u00bb][vc_column width=\u00bb1\/4&#8243; el_class=\u00bbbox-title\u00bb css=\u00bb.vc_custom_1615500899046{padding-top: 20px !important;}\u00bb][vc_custom_heading text=\u00bbContacto\u00bb font_container=\u00bbtag:h2|text_align:left|color:%23555555&#8243; use_theme_fonts=\u00bbyes\u00bb el_class=\u00bbheadline-box-page\u00bb][vc_column_text]<\/p>\n<h5><strong>Contacto<\/strong><\/h5>\n<p>[\/vc_column_text][vc_column_text]+34 938 540 801<br \/>\n<a href=\"mailto:info@mecanitzatsrodater.com\">info@mecanitzatsrodater.com<\/a>[\/vc_column_text][vc_icon icon_fontawesome=\u00bbfa fa-linkedin-square\u00bb color=\u00bbcustom\u00bb custom_color=\u00bb#9d3037&#8243; link=\u00bburl:https%3A%2F%2Fwww.linkedin.com%2Fcompany%2Fmecanitzats-rodater-sl||target:%20_blank|\u00bb el_class=\u00bbicon-rrss\u00bb][vc_icon icon_fontawesome=\u00bbfa fa-instagram\u00bb color=\u00bbcustom\u00bb custom_color=\u00bb#9d3037&#8243; link=\u00bburl:https%3A%2F%2Fwww.instagram.com%2Fmecanitzatsrodater%2F||target:%20_blank|\u00bb el_class=\u00bbicon-rrss\u00bb][\/vc_column][vc_column width=\u00bb3\/4&#8243;][vc_row_inner][vc_column_inner][vc_custom_heading text=\u00bbPol\u00edtica de privacidad\u00bb font_container=\u00bbtag:h2|text_align:left|color:%23555555&#8243; use_theme_fonts=\u00bbyes\u00bb el_class=\u00bbheadline-page\u00bb][vc_column_text]MECANITZATS RODATER informa a los usuarios del sitio web sobre su pol\u00edtica respecto del tratamiento y protecci\u00f3n de los datos de car\u00e1cter personal de los usuarios y clientes que puedan ser recogidas por la navegaci\u00f3n o contrataci\u00f3n de servicios a trav\u00e9s de su sitio web.<br \/>\nEn este sentido, MECANITZATS RODATER garantiza el cumplimiento de la normativa vigente en materia de protecci\u00f3n de datos personales, reflejada en la Ley Org\u00e1nica 15\/1999 de 13 de diciembre, de Protecci\u00f3n de Datos de Car\u00e1cter Personal y el Real Decreto 1720\/2007, de 21 diciembre, por el que se aprueba el Reglamento de Desarrollo de la LOPD. El uso de este sitio web implica la aceptaci\u00f3n de esta pol\u00edtica de privacidad.[\/vc_column_text][vc_column_text]<\/p>\n<h5>RECOGIDA, FINALIDAD Y TRATAMIENTO DE DATOS<\/h5>\n<p>MECANITZATS RODATER tiene el deber de informar a los usuarios de su sitio web sobre la recogida de datos de car\u00e1cter personal que se pueden llevar a cabo, bien sea mediante el env\u00edo de correo electr\u00f3nico o al rellenar los formularios incluidos en el sitio web. En este sentido, MECANITZATS RODATER ser\u00e1 considerada como responsable de los datos recabados mediante los medios anteriormente descritos.<br \/>\nA su vez MECANITZATS RODATER informa a los usuarios que la finalidad del tratamiento de los datos recogidos contempla: La atenci\u00f3n de solicitudes realizadas por los usuarios y la entrega de los productos adquiridos en la tienda en l\u00ednea, as\u00ed como el env\u00edo de informaci\u00f3n sobre nuevos productos y ofertas, la inclusi\u00f3n en la agenda de contactos, la prestaci\u00f3n de servicios y la gesti\u00f3n de la relaci\u00f3n comercial.<br \/>\nLas operaciones, gestiones y procedimientos t\u00e9cnicos que se realicen de forma automatizada o no automatizada y que posibiliten la recogida, el almacenamiento, la modificaci\u00f3n, la transferencia y otras acciones sobre datos de car\u00e1cter personal, tienen la consideraci\u00f3n de tratamiento de datos personales.<br \/>\nTodos los datos personales, que sean recogidos a trav\u00e9s del sitio web de MECANITZATS RODATER, y por lo tanto tenga la consideraci\u00f3n de tratamiento de datos de car\u00e1cter personal, ser\u00e1n incorporados a los ficheros declarados a la Agencia Espa\u00f1ola de Protecci\u00f3n de Datos por MECANITZATS RODATER.<\/p>\n<h5>COMUNICACI\u00d3N DE INFORMACI\u00d3N A TERCEROS<\/h5>\n<p>MECANITZATS RODATER informa a los usuarios que sus datos personales no ser\u00e1n cedidos a terceras organizaciones, con la excepci\u00f3n de que dicha cesi\u00f3n de datos est\u00e9 amparada en una obligaci\u00f3n legal o cuando la prestaci\u00f3n de un servicio implique la necessetitat de una relaci\u00f3n contractual con un encargado de tratamiento. En este \u00faltimo caso, s\u00f3lo se llevar\u00e1 a cabo la cesi\u00f3n de datos al tercer cuando MECANITZATS RODATER disponga del consentimiento expreso del usuario.<\/p>\n<h5>DERECHOS DE LOS USUARIOS<\/h5>\n<p>La Ley Org\u00e1nica 15\/1999, de 13 de diciembre, de Protecci\u00f3n de Datos de Car\u00e1cter Personal concede a los interesados \u200b\u200bla posibilidad de ejercer una serie de derechos relacionados con el tratamiento de sus datos personales.<br \/>\nEn la medida en que los datos del usuario son objeto de tratamiento por parte de MECANITZATS RODATER. Los usuarios podr\u00e1n ejercer los derechos de acceso, rectificaci\u00f3n, cancelaci\u00f3n y oposici\u00f3n de acuerdo con lo previsto en la normativa legal vigente en materia de protecci\u00f3n de datos personales. Para hacer uso del ejercicio de estos derechos, el usuario deber\u00e1 dirigirse mediante comunicaci\u00f3n escrita, aportando documentaci\u00f3n que acredite su identidad (DNI o pasaporte), a la siguiente direcci\u00f3n: MECANITZATS RODATER, C\/NOGUERA, 10, 08510 LES MASIES DE RODA, o la direcci\u00f3n que sea sustituida en el Registro General de Protecci\u00f3n de Datos, o en la direcci\u00f3n de correo electr\u00f3nico info@mecanitzatsrodater.com. Esta comunicaci\u00f3n deber\u00e1 reflejar la siguiente informaci\u00f3n: Nombre y apellidos del usuario, la petici\u00f3n de solicitud, el domicilio y los datos acreditativos. El ejercicio de derechos deber\u00e1 ser realizado por el propio usuario. Sin embargo, podr\u00e1n ser ejecutados por una persona autorizada como representante legal del autorizado. En tal caso, se deber\u00e1 aportar la documentaci\u00f3n que acredite esta representaci\u00f3n del interesado.[\/vc_column_text][\/vc_column_inner][\/vc_row_inner][\/vc_column][\/vc_row]<\/p>\n<\/div>","protected":false},"excerpt":{"rendered":"<p>[vc_row gap=\u00bb35&#8243; css=\u00bb.vc_custom_1615503863242{margin-top: 30px !important;}\u00bb][vc_column width=\u00bb1\/4&#8243; el_class=\u00bbbox-title\u00bb css=\u00bb.vc_custom_1615500899046{padding-top: 20px !important;}\u00bb][vc_custom_heading text=\u00bbContacto\u00bb font_container=\u00bbtag:h2|text_align:left|color:%23555555&#8243; use_theme_fonts=\u00bbyes\u00bb el_class=\u00bbheadline-box-page\u00bb][vc_column_text] Contacto [\/vc_column_text][vc_column_text]+34 938 540 801 info@mecanitzatsrodater.com[\/vc_column_text][vc_icon icon_fontawesome=\u00bbfa fa-linkedin-square\u00bb color=\u00bbcustom\u00bb custom_color=\u00bb#9d3037&#8243; link=\u00bburl:https%3A%2F%2Fwww.linkedin.com%2Fcompany%2Fmecanitzats-rodater-sl||target:%20_blank|\u00bb el_class=\u00bbicon-rrss\u00bb][vc_icon icon_fontawesome=\u00bbfa fa-instagram\u00bb color=\u00bbcustom\u00bb custom_color=\u00bb#9d3037&#8243; link=\u00bburl:https%3A%2F%2Fwww.instagram.com%2Fmecanitzatsrodater%2F||target:%20_blank|\u00bb el_class=\u00bbicon-rrss\u00bb][\/vc_column][vc_column width=\u00bb3\/4&#8243;][vc_row_inner][vc_column_inner][vc_custom_heading text=\u00bbPol\u00edtica de privacidad\u00bb font_container=\u00bbtag:h2|text_align:left|color:%23555555&#8243; use_theme_fonts=\u00bbyes\u00bb el_class=\u00bbheadline-page\u00bb][vc_column_text]MECANITZATS RODATER informa a los usuarios del sitio web sobre su pol\u00edtica respecto del tratamiento y protecci\u00f3n [&hellip;]<\/p>\n","protected":false},"author":3,"featured_media":0,"parent":0,"menu_order":0,"comment_status":"closed","ping_status":"closed","template":"fullwidth.php","meta":{"footnotes":""},"class_list":["post-582","page","type-page","status-publish","hentry"],"yoast_head":"<!-- This site is optimized with the Yoast SEO plugin v27.5 - https:\/\/yoast.com\/product\/yoast-seo-wordpress\/ -->\n<title>Pol\u00edtica de privacidad - Mecanitzats Roda Ter<\/title>\n<meta name=\"robots\" content=\"index, follow, max-snippet:-1, max-image-preview:large, max-video-preview:-1\" \/>\n<link rel=\"canonical\" href=\"https:\/\/www.mecanitzatsrodater.com\/es\/politica-de-privacidad\/\" \/>\n<meta property=\"og:locale\" content=\"es_ES\" \/>\n<meta property=\"og:type\" content=\"article\" \/>\n<meta property=\"og:title\" content=\"Pol\u00edtica de privacidad - Mecanitzats Roda Ter\" \/>\n<meta property=\"og:description\" content=\"[vc_row gap=\u00bb35&#8243; css=\u00bb.vc_custom_1615503863242{margin-top: 30px !important;}\u00bb][vc_column width=\u00bb1\/4&#8243; el_class=\u00bbbox-title\u00bb css=\u00bb.vc_custom_1615500899046{padding-top: 20px !important;}\u00bb][vc_custom_heading text=\u00bbContacto\u00bb font_container=\u00bbtag:h2|text_align:left|color:%23555555&#8243; use_theme_fonts=\u00bbyes\u00bb el_class=\u00bbheadline-box-page\u00bb][vc_column_text] Contacto [\/vc_column_text][vc_column_text]+34 938 540 801 info@mecanitzatsrodater.com[\/vc_column_text][vc_icon icon_fontawesome=\u00bbfa fa-linkedin-square\u00bb color=\u00bbcustom\u00bb custom_color=\u00bb#9d3037&#8243; link=\u00bburl:https%3A%2F%2Fwww.linkedin.com%2Fcompany%2Fmecanitzats-rodater-sl||target:%20_blank|\u00bb el_class=\u00bbicon-rrss\u00bb][vc_icon icon_fontawesome=\u00bbfa fa-instagram\u00bb color=\u00bbcustom\u00bb custom_color=\u00bb#9d3037&#8243; link=\u00bburl:https%3A%2F%2Fwww.instagram.com%2Fmecanitzatsrodater%2F||target:%20_blank|\u00bb el_class=\u00bbicon-rrss\u00bb][\/vc_column][vc_column width=\u00bb3\/4&#8243;][vc_row_inner][vc_column_inner][vc_custom_heading text=\u00bbPol\u00edtica de privacidad\u00bb font_container=\u00bbtag:h2|text_align:left|color:%23555555&#8243; use_theme_fonts=\u00bbyes\u00bb el_class=\u00bbheadline-page\u00bb][vc_column_text]MECANITZATS RODATER informa a los usuarios del sitio web sobre su pol\u00edtica respecto del tratamiento y protecci\u00f3n [&hellip;]\" \/>\n<meta property=\"og:url\" content=\"https:\/\/www.mecanitzatsrodater.com\/es\/politica-de-privacidad\/\" \/>\n<meta property=\"og:site_name\" content=\"Mecanitzats Roda Ter\" \/>\n<meta property=\"article:modified_time\" content=\"2021-12-14T18:13:08+00:00\" \/>\n<meta name=\"twitter:card\" content=\"summary_large_image\" \/>\n<meta name=\"twitter:label1\" content=\"Tiempo de lectura\" \/>\n\t<meta name=\"twitter:data1\" content=\"4 minutos\" \/>\n<script type=\"application\/ld+json\" class=\"yoast-schema-graph\">{\"@context\":\"https:\\\/\\\/schema.org\",\"@graph\":[{\"@type\":\"WebPage\",\"@id\":\"https:\\\/\\\/www.mecanitzatsrodater.com\\\/es\\\/politica-de-privacidad\\\/\",\"url\":\"https:\\\/\\\/www.mecanitzatsrodater.com\\\/es\\\/politica-de-privacidad\\\/\",\"name\":\"Pol\u00edtica de privacidad - Mecanitzats Roda Ter\",\"isPartOf\":{\"@id\":\"https:\\\/\\\/www.mecanitzatsrodater.com\\\/es\\\/#website\"},\"datePublished\":\"2021-03-16T23:31:28+00:00\",\"dateModified\":\"2021-12-14T18:13:08+00:00\",\"breadcrumb\":{\"@id\":\"https:\\\/\\\/www.mecanitzatsrodater.com\\\/es\\\/politica-de-privacidad\\\/#breadcrumb\"},\"inLanguage\":\"es\",\"potentialAction\":[{\"@type\":\"ReadAction\",\"target\":[\"https:\\\/\\\/www.mecanitzatsrodater.com\\\/es\\\/politica-de-privacidad\\\/\"]}]},{\"@type\":\"BreadcrumbList\",\"@id\":\"https:\\\/\\\/www.mecanitzatsrodater.com\\\/es\\\/politica-de-privacidad\\\/#breadcrumb\",\"itemListElement\":[{\"@type\":\"ListItem\",\"position\":1,\"name\":\"Inici\",\"item\":\"https:\\\/\\\/www.mecanitzatsrodater.com\\\/es\\\/\"},{\"@type\":\"ListItem\",\"position\":2,\"name\":\"Pol\u00edtica de privacidad\"}]},{\"@type\":\"WebSite\",\"@id\":\"https:\\\/\\\/www.mecanitzatsrodater.com\\\/es\\\/#website\",\"url\":\"https:\\\/\\\/www.mecanitzatsrodater.com\\\/es\\\/\",\"name\":\"Mecanitzats Roda Ter\",\"description\":\"Mecanitzaci\u00f3 Industrial - Soldadura Industrial\",\"potentialAction\":[{\"@type\":\"SearchAction\",\"target\":{\"@type\":\"EntryPoint\",\"urlTemplate\":\"https:\\\/\\\/www.mecanitzatsrodater.com\\\/es\\\/?s={search_term_string}\"},\"query-input\":{\"@type\":\"PropertyValueSpecification\",\"valueRequired\":true,\"valueName\":\"search_term_string\"}}],\"inLanguage\":\"es\"}]}<\/script>\n<!-- \/ Yoast SEO plugin. -->","yoast_head_json":{"title":"Pol\u00edtica de privacidad - Mecanitzats Roda Ter","robots":{"index":"index","follow":"follow","max-snippet":"max-snippet:-1","max-image-preview":"max-image-preview:large","max-video-preview":"max-video-preview:-1"},"canonical":"https:\/\/www.mecanitzatsrodater.com\/es\/politica-de-privacidad\/","og_locale":"es_ES","og_type":"article","og_title":"Pol\u00edtica de privacidad - Mecanitzats Roda Ter","og_description":"[vc_row gap=\u00bb35&#8243; css=\u00bb.vc_custom_1615503863242{margin-top: 30px !important;}\u00bb][vc_column width=\u00bb1\/4&#8243; el_class=\u00bbbox-title\u00bb css=\u00bb.vc_custom_1615500899046{padding-top: 20px !important;}\u00bb][vc_custom_heading text=\u00bbContacto\u00bb font_container=\u00bbtag:h2|text_align:left|color:%23555555&#8243; use_theme_fonts=\u00bbyes\u00bb el_class=\u00bbheadline-box-page\u00bb][vc_column_text] Contacto [\/vc_column_text][vc_column_text]+34 938 540 801 info@mecanitzatsrodater.com[\/vc_column_text][vc_icon icon_fontawesome=\u00bbfa fa-linkedin-square\u00bb color=\u00bbcustom\u00bb custom_color=\u00bb#9d3037&#8243; link=\u00bburl:https%3A%2F%2Fwww.linkedin.com%2Fcompany%2Fmecanitzats-rodater-sl||target:%20_blank|\u00bb el_class=\u00bbicon-rrss\u00bb][vc_icon icon_fontawesome=\u00bbfa fa-instagram\u00bb color=\u00bbcustom\u00bb custom_color=\u00bb#9d3037&#8243; link=\u00bburl:https%3A%2F%2Fwww.instagram.com%2Fmecanitzatsrodater%2F||target:%20_blank|\u00bb el_class=\u00bbicon-rrss\u00bb][\/vc_column][vc_column width=\u00bb3\/4&#8243;][vc_row_inner][vc_column_inner][vc_custom_heading text=\u00bbPol\u00edtica de privacidad\u00bb font_container=\u00bbtag:h2|text_align:left|color:%23555555&#8243; use_theme_fonts=\u00bbyes\u00bb el_class=\u00bbheadline-page\u00bb][vc_column_text]MECANITZATS RODATER informa a los usuarios del sitio web sobre su pol\u00edtica respecto del tratamiento y protecci\u00f3n [&hellip;]","og_url":"https:\/\/www.mecanitzatsrodater.com\/es\/politica-de-privacidad\/","og_site_name":"Mecanitzats Roda Ter","article_modified_time":"2021-12-14T18:13:08+00:00","twitter_card":"summary_large_image","twitter_misc":{"Tiempo de lectura":"4 minutos"},"schema":{"@context":"https:\/\/schema.org","@graph":[{"@type":"WebPage","@id":"https:\/\/www.mecanitzatsrodater.com\/es\/politica-de-privacidad\/","url":"https:\/\/www.mecanitzatsrodater.com\/es\/politica-de-privacidad\/","name":"Pol\u00edtica de privacidad - Mecanitzats Roda Ter","isPartOf":{"@id":"https:\/\/www.mecanitzatsrodater.com\/es\/#website"},"datePublished":"2021-03-16T23:31:28+00:00","dateModified":"2021-12-14T18:13:08+00:00","breadcrumb":{"@id":"https:\/\/www.mecanitzatsrodater.com\/es\/politica-de-privacidad\/#breadcrumb"},"inLanguage":"es","potentialAction":[{"@type":"ReadAction","target":["https:\/\/www.mecanitzatsrodater.com\/es\/politica-de-privacidad\/"]}]},{"@type":"BreadcrumbList","@id":"https:\/\/www.mecanitzatsrodater.com\/es\/politica-de-privacidad\/#breadcrumb","itemListElement":[{"@type":"ListItem","position":1,"name":"Inici","item":"https:\/\/www.mecanitzatsrodater.com\/es\/"},{"@type":"ListItem","position":2,"name":"Pol\u00edtica de privacidad"}]},{"@type":"WebSite","@id":"https:\/\/www.mecanitzatsrodater.com\/es\/#website","url":"https:\/\/www.mecanitzatsrodater.com\/es\/","name":"Mecanitzats Roda Ter","description":"Mecanitzaci\u00f3 Industrial - Soldadura Industrial","potentialAction":[{"@type":"SearchAction","target":{"@type":"EntryPoint","urlTemplate":"https:\/\/www.mecanitzatsrodater.com\/es\/?s={search_term_string}"},"query-input":{"@type":"PropertyValueSpecification","valueRequired":true,"valueName":"search_term_string"}}],"inLanguage":"es"}]}},"_links":{"self":[{"href":"https:\/\/www.mecanitzatsrodater.com\/es\/wp-json\/wp\/v2\/pages\/582","targetHints":{"allow":["GET"]}}],"collection":[{"href":"https:\/\/www.mecanitzatsrodater.com\/es\/wp-json\/wp\/v2\/pages"}],"about":[{"href":"https:\/\/www.mecanitzatsrodater.com\/es\/wp-json\/wp\/v2\/types\/page"}],"author":[{"embeddable":true,"href":"https:\/\/www.mecanitzatsrodater.com\/es\/wp-json\/wp\/v2\/users\/3"}],"replies":[{"embeddable":true,"href":"https:\/\/www.mecanitzatsrodater.com\/es\/wp-json\/wp\/v2\/comments?post=582"}],"version-history":[{"count":13,"href":"https:\/\/www.mecanitzatsrodater.com\/es\/wp-json\/wp\/v2\/pages\/582\/revisions"}],"predecessor-version":[{"id":2116,"href":"https:\/\/www.mecanitzatsrodater.com\/es\/wp-json\/wp\/v2\/pages\/582\/revisions\/2116"}],"wp:attachment":[{"href":"https:\/\/www.mecanitzatsrodater.com\/es\/wp-json\/wp\/v2\/media?parent=582"}],"curies":[{"name":"wp","href":"https:\/\/api.w.org\/{rel}","templated":true}]}}