{"id":338,"date":"2021-03-14T14:45:17","date_gmt":"2021-03-14T14:45:17","guid":{"rendered":"https:\/\/www.mecanitzatsrodater.com\/empresa\/"},"modified":"2026-04-01T08:52:15","modified_gmt":"2026-04-01T08:52:15","slug":"empresa","status":"publish","type":"page","link":"https:\/\/www.mecanitzatsrodater.com\/es\/empresa\/","title":{"rendered":"Empresa"},"content":{"rendered":"<div class=\"wpb-content-wrapper\"><p>[vc_row css=\u00bb.vc_custom_1615503975786{margin-top: 30px !important;}\u00bb][vc_column][vc_custom_heading text=\u00bbEmpresa\u00bb font_container=\u00bbtag:h2|text_align:center|color:%23222222&#8243; use_theme_fonts=\u00bbyes\u00bb el_class=\u00bbheadline\u00bb][vc_custom_heading text=\u00bbMecanitzats Rodater\u00bb font_container=\u00bbtag:h4|text_align:center|color:%23838f9d\u00bb use_theme_fonts=\u00bbyes\u00bb el_class=\u00bbheadline\u00bb][\/vc_column][\/vc_row][vc_row css=\u00bb.vc_custom_1615458373499{margin-top: 60px !important;margin-bottom: 60px !important;}\u00bb][vc_column width=\u00bb1\/2&#8243;][vc_column_text]Mecanitzats Rodater somos la tercera generaci\u00f3n de una empresa familiar fundada en 1953 por Josep Ta\u00f1\u00e0 y Vilaplana. Inicalmente estaba situada en el centro del pueblo de Roda de Ter y desde 1988 estamos ubicados en la zona industrial de Les Masies de Roda.<\/p>\n<p>Desde el 2017, disponemos de nuevas instalaciones que nos permiten separar el taller de mecanizaci\u00f3n, del taller de soldadura y montaje. Nos dedicamos a la construcci\u00f3n mec\u00e1nica en general y estamos especializados en todo tipo de mecanizados A lo largo de todos estos a\u00f1os hemos tenido un crecimiento progresivo, en este 2022 incorporamos nueva maquinaria para adecuarnos a las nuevas tecnolog\u00edas.<br \/>\nDisponemos de maquinaria de grandes y peque\u00f1as dimensiones, un personal experimentado y una oficina t\u00e9cnica, que permite ofrecer al cliente la m\u00e1xima calidad.<\/p>\n<p>A d\u00eda de hoy, trabajamos para una amplia variedad de sectores como el ferroviario, la separaci\u00f3n magn\u00e9tica, el reciclaje, el alimentario, el agr\u00edcola, la manutenci\u00f3n, la reparaci\u00f3n industrial, la construcci\u00f3n de utillajes, etc.[\/vc_column_text][\/vc_column][vc_column width=\u00bb1\/2&#8243;][vc_single_image image=\u00bb269&#8243; img_size=\u00bbfull\u00bb][\/vc_column][\/vc_row][vc_row full_width=\u00bbstretch_row\u00bb css=\u00bb.vc_custom_1624702229004{margin-top: 60px !important;padding-top: 60px !important;padding-bottom: 60px !important;background-color: #f8f8f8 !important;}\u00bb][vc_column][vc_custom_heading text=\u00bbNuestro objetivo es proporcionar a nuestros clientes el mejor servicio de mecanizados a trav\u00e9s de la \u00faltima tecnolog\u00eda en maquinaria, junto con una excelente calidad y el cumplimiento de los plazos de entrega. Destacando nuestra din\u00e1mica de trabajo basada en la calidad y la rapidez.\u00bb font_container=\u00bbtag:h4|text_align:center|color:%23838f9d\u00bb use_theme_fonts=\u00bbyes\u00bb el_class=\u00bbheadline\u00bb][vc_empty_space height=\u00bb60px\u00bb][vc_btn title=\u00bbCont\u00e1ctanos\u00bb style=\u00bboutline-custom\u00bb outline_custom_color=\u00bb#9d2e36&#8243; outline_custom_hover_background=\u00bb#9d2e36&#8243; outline_custom_hover_text=\u00bb#ffffff\u00bb align=\u00bbcenter\u00bb link=\u00bburl:https%3A%2F%2Fwww.mecanitzatsrodater.com%2Fes%2Fcontacto%2F|title:Contacto|\u00bb][\/vc_column][\/vc_row][vc_row full_width=\u00bbstretch_row\u00bb disable_element=\u00bbyes\u00bb css=\u00bb.vc_custom_1624700653369{margin-top: 60px !important;padding-top: 60px !important;padding-bottom: 60px !important;background-color: #f8f8f8 !important;}\u00bb][vc_column][vc_custom_heading text=\u00bbClientes\u00bb font_container=\u00bbtag:h2|text_align:center|color:%23222222&#8243; use_theme_fonts=\u00bbyes\u00bb el_class=\u00bbheadline\u00bb][vc_custom_heading text=\u00bbHan confiado en nosotros\u00bb font_container=\u00bbtag:h4|text_align:center|color:%23838f9d\u00bb use_theme_fonts=\u00bbyes\u00bb el_class=\u00bbheadline\u00bb][vc_empty_space height=\u00bb60px\u00bb][vc_row_inner gap=\u00bb30&#8243;][vc_column_inner width=\u00bb1\/6&#8243; offset=\u00bbvc_col-lg-2 vc_col-md-2 vc_col-xs-6&#8243;][vc_single_image image=\u00bb302&#8243; img_size=\u00bbfull\u00bb alignment=\u00bbcenter\u00bb][\/vc_column_inner][vc_column_inner width=\u00bb1\/6&#8243; offset=\u00bbvc_col-lg-2 vc_col-md-2 vc_col-xs-6&#8243;][vc_single_image image=\u00bb302&#8243; img_size=\u00bbfull\u00bb alignment=\u00bbcenter\u00bb][\/vc_column_inner][vc_column_inner width=\u00bb1\/6&#8243; offset=\u00bbvc_col-lg-2 vc_col-md-2 vc_col-xs-6&#8243;][vc_single_image image=\u00bb302&#8243; img_size=\u00bbfull\u00bb alignment=\u00bbcenter\u00bb][\/vc_column_inner][vc_column_inner width=\u00bb1\/6&#8243; offset=\u00bbvc_col-lg-2 vc_col-md-2 vc_col-xs-6&#8243;][vc_single_image image=\u00bb302&#8243; img_size=\u00bbfull\u00bb alignment=\u00bbcenter\u00bb][\/vc_column_inner][vc_column_inner width=\u00bb1\/6&#8243; offset=\u00bbvc_col-lg-2 vc_col-md-2 vc_col-xs-6&#8243;][vc_single_image image=\u00bb302&#8243; img_size=\u00bbfull\u00bb alignment=\u00bbcenter\u00bb][\/vc_column_inner][vc_column_inner width=\u00bb1\/6&#8243; offset=\u00bbvc_col-lg-2 vc_col-md-2 vc_col-xs-6&#8243;][vc_single_image image=\u00bb302&#8243; img_size=\u00bbfull\u00bb alignment=\u00bbcenter\u00bb][\/vc_column_inner][\/vc_row_inner][\/vc_column][\/vc_row]<\/p>\n<\/div>","protected":false},"excerpt":{"rendered":"<p>[vc_row css=\u00bb.vc_custom_1615503975786{margin-top: 30px !important;}\u00bb][vc_column][vc_custom_heading text=\u00bbEmpresa\u00bb font_container=\u00bbtag:h2|text_align:center|color:%23222222&#8243; use_theme_fonts=\u00bbyes\u00bb el_class=\u00bbheadline\u00bb][vc_custom_heading text=\u00bbMecanitzats Rodater\u00bb font_container=\u00bbtag:h4|text_align:center|color:%23838f9d\u00bb use_theme_fonts=\u00bbyes\u00bb el_class=\u00bbheadline\u00bb][\/vc_column][\/vc_row][vc_row css=\u00bb.vc_custom_1615458373499{margin-top: 60px !important;margin-bottom: 60px !important;}\u00bb][vc_column width=\u00bb1\/2&#8243;][vc_column_text]Mecanitzats Rodater somos la tercera generaci\u00f3n de una empresa familiar fundada en 1953 por Josep Ta\u00f1\u00e0 y Vilaplana. Inicalmente estaba situada en el centro del pueblo de Roda de Ter y desde 1988 estamos ubicados en la [&hellip;]<\/p>\n","protected":false},"author":3,"featured_media":248,"parent":0,"menu_order":0,"comment_status":"closed","ping_status":"closed","template":"fullwidth.php","meta":{"footnotes":""},"class_list":["post-338","page","type-page","status-publish","has-post-thumbnail","hentry"],"yoast_head":"<!-- This site is optimized with the Yoast SEO plugin v27.5 - https:\/\/yoast.com\/product\/yoast-seo-wordpress\/ -->\n<title>Empresa - Mecanitzats Roda Ter<\/title>\n<meta name=\"robots\" content=\"index, follow, max-snippet:-1, max-image-preview:large, max-video-preview:-1\" \/>\n<link rel=\"canonical\" href=\"https:\/\/www.mecanitzatsrodater.com\/es\/empresa\/\" \/>\n<meta property=\"og:locale\" content=\"es_ES\" \/>\n<meta property=\"og:type\" content=\"article\" \/>\n<meta property=\"og:title\" content=\"Empresa - Mecanitzats Roda Ter\" \/>\n<meta property=\"og:description\" content=\"[vc_row css=\u00bb.vc_custom_1615503975786{margin-top: 30px !important;}\u00bb][vc_column][vc_custom_heading text=\u00bbEmpresa\u00bb font_container=\u00bbtag:h2|text_align:center|color:%23222222&#8243; use_theme_fonts=\u00bbyes\u00bb el_class=\u00bbheadline\u00bb][vc_custom_heading text=\u00bbMecanitzats Rodater\u00bb font_container=\u00bbtag:h4|text_align:center|color:%23838f9d\u00bb use_theme_fonts=\u00bbyes\u00bb el_class=\u00bbheadline\u00bb][\/vc_column][\/vc_row][vc_row css=\u00bb.vc_custom_1615458373499{margin-top: 60px !important;margin-bottom: 60px !important;}\u00bb][vc_column width=\u00bb1\/2&#8243;][vc_column_text]Mecanitzats Rodater somos la tercera generaci\u00f3n de una empresa familiar fundada en 1953 por Josep Ta\u00f1\u00e0 y Vilaplana. Inicalmente estaba situada en el centro del pueblo de Roda de Ter y desde 1988 estamos ubicados en la [&hellip;]\" \/>\n<meta property=\"og:url\" content=\"https:\/\/www.mecanitzatsrodater.com\/es\/empresa\/\" \/>\n<meta property=\"og:site_name\" content=\"Mecanitzats Roda Ter\" \/>\n<meta property=\"article:modified_time\" content=\"2026-04-01T08:52:15+00:00\" \/>\n<meta property=\"og:image\" content=\"https:\/\/www.mecanitzatsrodater.com\/wp-content\/uploads\/2021\/03\/mecanitzats-roda-industrial.jpg\" \/>\n\t<meta property=\"og:image:width\" content=\"1200\" \/>\n\t<meta property=\"og:image:height\" content=\"700\" \/>\n\t<meta property=\"og:image:type\" content=\"image\/jpeg\" \/>\n<meta name=\"twitter:card\" content=\"summary_large_image\" \/>\n<meta name=\"twitter:label1\" content=\"Tiempo de lectura\" \/>\n\t<meta name=\"twitter:data1\" content=\"3 minutos\" \/>\n<script type=\"application\/ld+json\" class=\"yoast-schema-graph\">{\"@context\":\"https:\\\/\\\/schema.org\",\"@graph\":[{\"@type\":\"WebPage\",\"@id\":\"https:\\\/\\\/www.mecanitzatsrodater.com\\\/es\\\/empresa\\\/\",\"url\":\"https:\\\/\\\/www.mecanitzatsrodater.com\\\/es\\\/empresa\\\/\",\"name\":\"Empresa - Mecanitzats Roda Ter\",\"isPartOf\":{\"@id\":\"https:\\\/\\\/www.mecanitzatsrodater.com\\\/es\\\/#website\"},\"primaryImageOfPage\":{\"@id\":\"https:\\\/\\\/www.mecanitzatsrodater.com\\\/es\\\/empresa\\\/#primaryimage\"},\"image\":{\"@id\":\"https:\\\/\\\/www.mecanitzatsrodater.com\\\/es\\\/empresa\\\/#primaryimage\"},\"thumbnailUrl\":\"https:\\\/\\\/www.mecanitzatsrodater.com\\\/wp-content\\\/uploads\\\/2021\\\/03\\\/mecanitzats-roda-industrial.jpg\",\"datePublished\":\"2021-03-14T14:45:17+00:00\",\"dateModified\":\"2026-04-01T08:52:15+00:00\",\"breadcrumb\":{\"@id\":\"https:\\\/\\\/www.mecanitzatsrodater.com\\\/es\\\/empresa\\\/#breadcrumb\"},\"inLanguage\":\"es\",\"potentialAction\":[{\"@type\":\"ReadAction\",\"target\":[\"https:\\\/\\\/www.mecanitzatsrodater.com\\\/es\\\/empresa\\\/\"]}]},{\"@type\":\"ImageObject\",\"inLanguage\":\"es\",\"@id\":\"https:\\\/\\\/www.mecanitzatsrodater.com\\\/es\\\/empresa\\\/#primaryimage\",\"url\":\"https:\\\/\\\/www.mecanitzatsrodater.com\\\/wp-content\\\/uploads\\\/2021\\\/03\\\/mecanitzats-roda-industrial.jpg\",\"contentUrl\":\"https:\\\/\\\/www.mecanitzatsrodater.com\\\/wp-content\\\/uploads\\\/2021\\\/03\\\/mecanitzats-roda-industrial.jpg\",\"width\":1200,\"height\":700},{\"@type\":\"BreadcrumbList\",\"@id\":\"https:\\\/\\\/www.mecanitzatsrodater.com\\\/es\\\/empresa\\\/#breadcrumb\",\"itemListElement\":[{\"@type\":\"ListItem\",\"position\":1,\"name\":\"Inici\",\"item\":\"https:\\\/\\\/www.mecanitzatsrodater.com\\\/es\\\/\"},{\"@type\":\"ListItem\",\"position\":2,\"name\":\"Empresa\"}]},{\"@type\":\"WebSite\",\"@id\":\"https:\\\/\\\/www.mecanitzatsrodater.com\\\/es\\\/#website\",\"url\":\"https:\\\/\\\/www.mecanitzatsrodater.com\\\/es\\\/\",\"name\":\"Mecanitzats Roda Ter\",\"description\":\"Mecanitzaci\u00f3 Industrial - Soldadura Industrial\",\"potentialAction\":[{\"@type\":\"SearchAction\",\"target\":{\"@type\":\"EntryPoint\",\"urlTemplate\":\"https:\\\/\\\/www.mecanitzatsrodater.com\\\/es\\\/?s={search_term_string}\"},\"query-input\":{\"@type\":\"PropertyValueSpecification\",\"valueRequired\":true,\"valueName\":\"search_term_string\"}}],\"inLanguage\":\"es\"}]}<\/script>\n<!-- \/ Yoast SEO plugin. -->","yoast_head_json":{"title":"Empresa - Mecanitzats Roda Ter","robots":{"index":"index","follow":"follow","max-snippet":"max-snippet:-1","max-image-preview":"max-image-preview:large","max-video-preview":"max-video-preview:-1"},"canonical":"https:\/\/www.mecanitzatsrodater.com\/es\/empresa\/","og_locale":"es_ES","og_type":"article","og_title":"Empresa - Mecanitzats Roda Ter","og_description":"[vc_row css=\u00bb.vc_custom_1615503975786{margin-top: 30px !important;}\u00bb][vc_column][vc_custom_heading text=\u00bbEmpresa\u00bb font_container=\u00bbtag:h2|text_align:center|color:%23222222&#8243; use_theme_fonts=\u00bbyes\u00bb el_class=\u00bbheadline\u00bb][vc_custom_heading text=\u00bbMecanitzats Rodater\u00bb font_container=\u00bbtag:h4|text_align:center|color:%23838f9d\u00bb use_theme_fonts=\u00bbyes\u00bb el_class=\u00bbheadline\u00bb][\/vc_column][\/vc_row][vc_row css=\u00bb.vc_custom_1615458373499{margin-top: 60px !important;margin-bottom: 60px !important;}\u00bb][vc_column width=\u00bb1\/2&#8243;][vc_column_text]Mecanitzats Rodater somos la tercera generaci\u00f3n de una empresa familiar fundada en 1953 por Josep Ta\u00f1\u00e0 y Vilaplana. Inicalmente estaba situada en el centro del pueblo de Roda de Ter y desde 1988 estamos ubicados en la [&hellip;]","og_url":"https:\/\/www.mecanitzatsrodater.com\/es\/empresa\/","og_site_name":"Mecanitzats Roda Ter","article_modified_time":"2026-04-01T08:52:15+00:00","og_image":[{"width":1200,"height":700,"url":"https:\/\/www.mecanitzatsrodater.com\/wp-content\/uploads\/2021\/03\/mecanitzats-roda-industrial.jpg","type":"image\/jpeg"}],"twitter_card":"summary_large_image","twitter_misc":{"Tiempo de lectura":"3 minutos"},"schema":{"@context":"https:\/\/schema.org","@graph":[{"@type":"WebPage","@id":"https:\/\/www.mecanitzatsrodater.com\/es\/empresa\/","url":"https:\/\/www.mecanitzatsrodater.com\/es\/empresa\/","name":"Empresa - Mecanitzats Roda Ter","isPartOf":{"@id":"https:\/\/www.mecanitzatsrodater.com\/es\/#website"},"primaryImageOfPage":{"@id":"https:\/\/www.mecanitzatsrodater.com\/es\/empresa\/#primaryimage"},"image":{"@id":"https:\/\/www.mecanitzatsrodater.com\/es\/empresa\/#primaryimage"},"thumbnailUrl":"https:\/\/www.mecanitzatsrodater.com\/wp-content\/uploads\/2021\/03\/mecanitzats-roda-industrial.jpg","datePublished":"2021-03-14T14:45:17+00:00","dateModified":"2026-04-01T08:52:15+00:00","breadcrumb":{"@id":"https:\/\/www.mecanitzatsrodater.com\/es\/empresa\/#breadcrumb"},"inLanguage":"es","potentialAction":[{"@type":"ReadAction","target":["https:\/\/www.mecanitzatsrodater.com\/es\/empresa\/"]}]},{"@type":"ImageObject","inLanguage":"es","@id":"https:\/\/www.mecanitzatsrodater.com\/es\/empresa\/#primaryimage","url":"https:\/\/www.mecanitzatsrodater.com\/wp-content\/uploads\/2021\/03\/mecanitzats-roda-industrial.jpg","contentUrl":"https:\/\/www.mecanitzatsrodater.com\/wp-content\/uploads\/2021\/03\/mecanitzats-roda-industrial.jpg","width":1200,"height":700},{"@type":"BreadcrumbList","@id":"https:\/\/www.mecanitzatsrodater.com\/es\/empresa\/#breadcrumb","itemListElement":[{"@type":"ListItem","position":1,"name":"Inici","item":"https:\/\/www.mecanitzatsrodater.com\/es\/"},{"@type":"ListItem","position":2,"name":"Empresa"}]},{"@type":"WebSite","@id":"https:\/\/www.mecanitzatsrodater.com\/es\/#website","url":"https:\/\/www.mecanitzatsrodater.com\/es\/","name":"Mecanitzats Roda Ter","description":"Mecanitzaci\u00f3 Industrial - Soldadura Industrial","potentialAction":[{"@type":"SearchAction","target":{"@type":"EntryPoint","urlTemplate":"https:\/\/www.mecanitzatsrodater.com\/es\/?s={search_term_string}"},"query-input":{"@type":"PropertyValueSpecification","valueRequired":true,"valueName":"search_term_string"}}],"inLanguage":"es"}]}},"_links":{"self":[{"href":"https:\/\/www.mecanitzatsrodater.com\/es\/wp-json\/wp\/v2\/pages\/338","targetHints":{"allow":["GET"]}}],"collection":[{"href":"https:\/\/www.mecanitzatsrodater.com\/es\/wp-json\/wp\/v2\/pages"}],"about":[{"href":"https:\/\/www.mecanitzatsrodater.com\/es\/wp-json\/wp\/v2\/types\/page"}],"author":[{"embeddable":true,"href":"https:\/\/www.mecanitzatsrodater.com\/es\/wp-json\/wp\/v2\/users\/3"}],"replies":[{"embeddable":true,"href":"https:\/\/www.mecanitzatsrodater.com\/es\/wp-json\/wp\/v2\/comments?post=338"}],"version-history":[{"count":35,"href":"https:\/\/www.mecanitzatsrodater.com\/es\/wp-json\/wp\/v2\/pages\/338\/revisions"}],"predecessor-version":[{"id":2279,"href":"https:\/\/www.mecanitzatsrodater.com\/es\/wp-json\/wp\/v2\/pages\/338\/revisions\/2279"}],"wp:featuredmedia":[{"embeddable":true,"href":"https:\/\/www.mecanitzatsrodater.com\/es\/wp-json\/wp\/v2\/media\/248"}],"wp:attachment":[{"href":"https:\/\/www.mecanitzatsrodater.com\/es\/wp-json\/wp\/v2\/media?parent=338"}],"curies":[{"name":"wp","href":"https:\/\/api.w.org\/{rel}","templated":true}]}}